{"id":32,"date":"2024-04-13T11:05:31","date_gmt":"2024-04-13T14:05:31","guid":{"rendered":"http:\/\/sssadv.com.br\/?page_id=32"},"modified":"2026-09-01T11:07:20","modified_gmt":"2026-09-01T14:07:20","slug":"advogados","status":"publish","type":"page","link":"http:\/\/sesadv.com.br\/?page_id=32","title":{"rendered":"ADVOGADOS"},"content":{"rendered":"\t\t<div data-elementor-type=\"wp-page\" data-elementor-id=\"32\" class=\"elementor elementor-32\">\n\t\t\t\t<div class=\"elementor-element elementor-element-17389ba e-flex e-con-boxed e-con e-parent\" data-id=\"17389ba\" data-element_type=\"container\">\n\t\t\t\t\t<div class=\"e-con-inner\">\n\t\t<div class=\"elementor-element elementor-element-ade9a67 e-con-full e-flex e-con e-child\" data-id=\"ade9a67\" data-element_type=\"container\">\n\t\t\t\t<div class=\"elementor-element elementor-element-005f786 elementor-widget elementor-widget-image\" data-id=\"005f786\" data-element_type=\"widget\" data-widget_type=\"image.default\">\n\t\t\t\t<div class=\"elementor-widget-container\">\n\t\t\t\t\t\t\t\t\t\t\t\t\t<img fetchpriority=\"high\" decoding=\"async\" width=\"1024\" height=\"684\" src=\"http:\/\/sesadv.com.br\/wp-content\/uploads\/2024\/09\/WALTER-ALEXANDRE-1-1024x684.jpg\" class=\"attachment-large size-large wp-image-267\" alt=\"\" srcset=\"http:\/\/sesadv.com.br\/wp-content\/uploads\/2024\/09\/WALTER-ALEXANDRE-1-1024x684.jpg 1024w, http:\/\/sesadv.com.br\/wp-content\/uploads\/2024\/09\/WALTER-ALEXANDRE-1-300x200.jpg 300w, http:\/\/sesadv.com.br\/wp-content\/uploads\/2024\/09\/WALTER-ALEXANDRE-1-768x513.jpg 768w, http:\/\/sesadv.com.br\/wp-content\/uploads\/2024\/09\/WALTER-ALEXANDRE-1-1536x1025.jpg 1536w, http:\/\/sesadv.com.br\/wp-content\/uploads\/2024\/09\/WALTER-ALEXANDRE-1-2048x1367.jpg 2048w\" sizes=\"(max-width: 1024px) 100vw, 1024px\" \/>\t\t\t\t\t\t\t\t\t\t\t\t\t<\/div>\n\t\t\t\t<\/div>\n\t\t\t\t<\/div>\n\t\t<div class=\"elementor-element elementor-element-31eb731 e-con-full e-flex e-con e-child\" data-id=\"31eb731\" data-element_type=\"container\">\n\t\t\t\t<div class=\"elementor-element elementor-element-b95f99c elementor-widget elementor-widget-text-editor\" data-id=\"b95f99c\" data-element_type=\"widget\" data-widget_type=\"text-editor.default\">\n\t\t\t\t<div class=\"elementor-widget-container\">\n\t\t\t\t\t\t\t<p><strong>Walter Alexandre do Amaral Schreiner<\/strong><\/p><p>S\u00f3cio &#8211; OAB\/SP n\u00ba. 120.762<\/p><p>Advogado militante em Indaiatuba e regi\u00e3o com mais de 30 anos de experi\u00eancia. Atua com foco nas \u00e1reas eleitoral, criminal e c\u00edvel. Ocupou o cargo de Assessor Jur\u00eddico da C\u00e2mara Municipal de Indaiatuba, de 1997 a 2006, e de Secret\u00e1rio dos Neg\u00f3cios Jur\u00eddicos\u00a0 da Prefeitura Municipal de Indaiatuba, de 2009 a 2011. Graduado em Direito pela Universidade Metodista de Piracicaba\/SP (UNIMEP).<\/p>\t\t\t\t\t\t<\/div>\n\t\t\t\t<\/div>\n\t\t\t\t<\/div>\n\t\t\t\t\t<\/div>\n\t\t\t\t<\/div>\n\t\t<div class=\"elementor-element elementor-element-262f5f1 e-flex e-con-boxed e-con e-parent\" data-id=\"262f5f1\" data-element_type=\"container\">\n\t\t\t\t\t<div class=\"e-con-inner\">\n\t\t<div class=\"elementor-element elementor-element-ca6fecd e-con-full e-flex e-con e-child\" data-id=\"ca6fecd\" data-element_type=\"container\">\n\t\t\t\t<div class=\"elementor-element elementor-element-c2be077 elementor-widget elementor-widget-image\" data-id=\"c2be077\" data-element_type=\"widget\" data-widget_type=\"image.default\">\n\t\t\t\t<div class=\"elementor-widget-container\">\n\t\t\t\t\t\t\t\t\t\t\t\t\t<img decoding=\"async\" width=\"1024\" height=\"683\" src=\"http:\/\/sesadv.com.br\/wp-content\/uploads\/2024\/09\/MAIRA-1024x683.jpeg\" class=\"attachment-large size-large wp-image-269\" alt=\"\" srcset=\"http:\/\/sesadv.com.br\/wp-content\/uploads\/2024\/09\/MAIRA-1024x683.jpeg 1024w, http:\/\/sesadv.com.br\/wp-content\/uploads\/2024\/09\/MAIRA-300x200.jpeg 300w, http:\/\/sesadv.com.br\/wp-content\/uploads\/2024\/09\/MAIRA-768x512.jpeg 768w, http:\/\/sesadv.com.br\/wp-content\/uploads\/2024\/09\/MAIRA-1536x1024.jpeg 1536w, http:\/\/sesadv.com.br\/wp-content\/uploads\/2024\/09\/MAIRA.jpeg 1600w\" sizes=\"(max-width: 1024px) 100vw, 1024px\" \/>\t\t\t\t\t\t\t\t\t\t\t\t\t<\/div>\n\t\t\t\t<\/div>\n\t\t\t\t<\/div>\n\t\t<div class=\"elementor-element elementor-element-abe54c8 e-con-full e-flex e-con e-child\" data-id=\"abe54c8\" data-element_type=\"container\">\n\t\t\t\t<div class=\"elementor-element elementor-element-a639486 elementor-widget elementor-widget-text-editor\" data-id=\"a639486\" data-element_type=\"widget\" data-widget_type=\"text-editor.default\">\n\t\t\t\t<div class=\"elementor-widget-container\">\n\t\t\t\t\t\t\t<p><strong>Maira Stocco\u00a0 Pranstete<\/strong><\/p><p>S\u00f3cia &#8211; OAB\/SP n\u00ba. 307.747<\/p><p>Advogada com mais de 10 anos de experi\u00eancia. Atua com foco nas \u00e1reas trabalhista e c\u00edvel. Graduada em Direito pela Pontif\u00edcia Universidade Cat\u00f3lica de Campinas (PUCCAMP), em 2010. P\u00f3s-graduada em Direito Processual Civil pela LFG.<\/p>\t\t\t\t\t\t<\/div>\n\t\t\t\t<\/div>\n\t\t\t\t<\/div>\n\t\t\t\t\t<\/div>\n\t\t\t\t<\/div>\n\t\t<div class=\"elementor-element elementor-element-035ebb8 e-flex e-con-boxed e-con e-parent\" data-id=\"035ebb8\" data-element_type=\"container\">\n\t\t\t\t\t<div class=\"e-con-inner\">\n\t\t<div class=\"elementor-element elementor-element-d348687 e-con-full e-flex e-con e-child\" data-id=\"d348687\" data-element_type=\"container\">\n\t\t\t\t<div class=\"elementor-element elementor-element-1ac5464 elementor-widget elementor-widget-image\" data-id=\"1ac5464\" data-element_type=\"widget\" data-widget_type=\"image.default\">\n\t\t\t\t<div class=\"elementor-widget-container\">\n\t\t\t\t\t\t\t\t\t\t\t\t\t<img decoding=\"async\" width=\"1024\" height=\"768\" src=\"http:\/\/sesadv.com.br\/wp-content\/uploads\/2026\/09\/RAFAEL-PRECOMA-1024x768.png\" class=\"attachment-large size-large wp-image-770\" alt=\"\" srcset=\"http:\/\/sesadv.com.br\/wp-content\/uploads\/2026\/09\/RAFAEL-PRECOMA-1024x768.png 1024w, http:\/\/sesadv.com.br\/wp-content\/uploads\/2026\/09\/RAFAEL-PRECOMA-300x225.png 300w, http:\/\/sesadv.com.br\/wp-content\/uploads\/2026\/09\/RAFAEL-PRECOMA-768x576.png 768w, http:\/\/sesadv.com.br\/wp-content\/uploads\/2026\/09\/RAFAEL-PRECOMA-1536x1152.png 1536w, http:\/\/sesadv.com.br\/wp-content\/uploads\/2026\/09\/RAFAEL-PRECOMA-2048x1536.png 2048w, http:\/\/sesadv.com.br\/wp-content\/uploads\/2026\/09\/RAFAEL-PRECOMA-600x450.png 600w\" sizes=\"(max-width: 1024px) 100vw, 1024px\" \/>\t\t\t\t\t\t\t\t\t\t\t\t\t<\/div>\n\t\t\t\t<\/div>\n\t\t\t\t<\/div>\n\t\t<div class=\"elementor-element elementor-element-d2b9820 e-con-full e-flex e-con e-child\" data-id=\"d2b9820\" data-element_type=\"container\">\n\t\t\t\t<div class=\"elementor-element elementor-element-54db5a8 elementor-widget elementor-widget-text-editor\" data-id=\"54db5a8\" data-element_type=\"widget\" data-widget_type=\"text-editor.default\">\n\t\t\t\t<div class=\"elementor-widget-container\">\n\t\t\t\t\t\t\t<p><strong>Rafael Misko Precoma<\/strong><\/p><p>Advogado &#8211; OAB\/SP 494.330<\/p><p>Atua com foco na \u00e1rea c\u00edvel. Graduado em Direito pela Pontif\u00edcia Universidade Cat\u00f3lica de Campinas (PUCCAMP), em 2021.<\/p>\t\t\t\t\t\t<\/div>\n\t\t\t\t<\/div>\n\t\t\t\t<\/div>\n\t\t\t\t\t<\/div>\n\t\t\t\t<\/div>\n\t\t<div class=\"elementor-element elementor-element-53bb1a7 e-flex e-con-boxed e-con e-parent\" data-id=\"53bb1a7\" data-element_type=\"container\">\n\t\t\t\t\t<div class=\"e-con-inner\">\n\t\t<div class=\"elementor-element elementor-element-a7b762c e-con-full e-flex e-con e-child\" data-id=\"a7b762c\" data-element_type=\"container\">\n\t\t\t\t<div class=\"elementor-element elementor-element-85db917 elementor-widget elementor-widget-image\" data-id=\"85db917\" data-element_type=\"widget\" data-widget_type=\"image.default\">\n\t\t\t\t<div class=\"elementor-widget-container\">\n\t\t\t\t\t\t\t\t\t\t\t\t\t<img loading=\"lazy\" decoding=\"async\" width=\"1024\" height=\"768\" src=\"http:\/\/sesadv.com.br\/wp-content\/uploads\/2026\/09\/BIA-1024x768.png\" class=\"attachment-large size-large wp-image-767\" alt=\"\" srcset=\"http:\/\/sesadv.com.br\/wp-content\/uploads\/2026\/09\/BIA-1024x768.png 1024w, http:\/\/sesadv.com.br\/wp-content\/uploads\/2026\/09\/BIA-300x225.png 300w, http:\/\/sesadv.com.br\/wp-content\/uploads\/2026\/09\/BIA-768x576.png 768w, http:\/\/sesadv.com.br\/wp-content\/uploads\/2026\/09\/BIA-1536x1152.png 1536w, http:\/\/sesadv.com.br\/wp-content\/uploads\/2026\/09\/BIA-2048x1536.png 2048w, http:\/\/sesadv.com.br\/wp-content\/uploads\/2026\/09\/BIA-600x450.png 600w\" sizes=\"(max-width: 1024px) 100vw, 1024px\" \/>\t\t\t\t\t\t\t\t\t\t\t\t\t<\/div>\n\t\t\t\t<\/div>\n\t\t\t\t<\/div>\n\t\t<div class=\"elementor-element elementor-element-7bed70a e-con-full e-flex e-con e-child\" data-id=\"7bed70a\" data-element_type=\"container\">\n\t\t\t\t<div class=\"elementor-element elementor-element-3f9487d elementor-widget elementor-widget-text-editor\" data-id=\"3f9487d\" data-element_type=\"widget\" data-widget_type=\"text-editor.default\">\n\t\t\t\t<div class=\"elementor-widget-container\">\n\t\t\t\t\t\t\t<p><strong>Ana Beatriz dos Reis Souza<\/strong><\/p><p>Advogada &#8211; OAB\/SP 546.013<\/p><p>Graduada em Direito pela Pontif\u00edcia Universidade Cat\u00f3lica de Campinas (PUCCAMP), em 2025. Atua com foco nas \u00e1reas C\u00edvel e Criminal.<\/p>\t\t\t\t\t\t<\/div>\n\t\t\t\t<\/div>\n\t\t\t\t<\/div>\n\t\t\t\t\t<\/div>\n\t\t\t\t<\/div>\n\t\t<div class=\"elementor-element elementor-element-4ca18a9 e-flex e-con-boxed e-con e-parent\" data-id=\"4ca18a9\" data-element_type=\"container\">\n\t\t\t\t\t<div class=\"e-con-inner\">\n\t\t<div class=\"elementor-element elementor-element-820d533 e-con-full e-flex e-con e-child\" data-id=\"820d533\" data-element_type=\"container\">\n\t\t\t\t<div class=\"elementor-element elementor-element-e5c216a elementor-widget elementor-widget-image\" data-id=\"e5c216a\" data-element_type=\"widget\" data-widget_type=\"image.default\">\n\t\t\t\t<div class=\"elementor-widget-container\">\n\t\t\t\t\t\t\t\t\t\t\t\t\t<img loading=\"lazy\" decoding=\"async\" width=\"1024\" height=\"768\" src=\"http:\/\/sesadv.com.br\/wp-content\/uploads\/2026\/09\/GUSTAVO-MARANGONI-1024x768.png\" class=\"attachment-large size-large wp-image-768\" alt=\"\" srcset=\"http:\/\/sesadv.com.br\/wp-content\/uploads\/2026\/09\/GUSTAVO-MARANGONI-1024x768.png 1024w, http:\/\/sesadv.com.br\/wp-content\/uploads\/2026\/09\/GUSTAVO-MARANGONI-300x225.png 300w, http:\/\/sesadv.com.br\/wp-content\/uploads\/2026\/09\/GUSTAVO-MARANGONI-768x576.png 768w, http:\/\/sesadv.com.br\/wp-content\/uploads\/2026\/09\/GUSTAVO-MARANGONI-1536x1152.png 1536w, http:\/\/sesadv.com.br\/wp-content\/uploads\/2026\/09\/GUSTAVO-MARANGONI-2048x1536.png 2048w, http:\/\/sesadv.com.br\/wp-content\/uploads\/2026\/09\/GUSTAVO-MARANGONI-600x450.png 600w\" sizes=\"(max-width: 1024px) 100vw, 1024px\" \/>\t\t\t\t\t\t\t\t\t\t\t\t\t<\/div>\n\t\t\t\t<\/div>\n\t\t\t\t<\/div>\n\t\t<div class=\"elementor-element elementor-element-184a9fb e-con-full e-flex e-con e-child\" data-id=\"184a9fb\" data-element_type=\"container\">\n\t\t\t\t<div class=\"elementor-element elementor-element-c9e0d11 elementor-widget elementor-widget-text-editor\" data-id=\"c9e0d11\" data-element_type=\"widget\" data-widget_type=\"text-editor.default\">\n\t\t\t\t<div class=\"elementor-widget-container\">\n\t\t\t\t\t\t\t<p><strong>Gustavo Marangoni de Almeida<\/strong><\/p><p>Advogado &#8211; OAB\/SP 547.078<\/p><p>Graduado em Direito pela Universidade Presbiteriana Mackenzie, em 2025. P\u00f3s graduando em Processo Civil na EPD (Escola Paulista de Direito). Atua com foco nas \u00e1reas C\u00edvel e Tribut\u00e1ria.<\/p>\t\t\t\t\t\t<\/div>\n\t\t\t\t<\/div>\n\t\t\t\t<\/div>\n\t\t\t\t\t<\/div>\n\t\t\t\t<\/div>\n\t\t<div class=\"elementor-element elementor-element-4d313d3 e-flex e-con-boxed e-con e-parent\" data-id=\"4d313d3\" data-element_type=\"container\">\n\t\t\t\t\t<div class=\"e-con-inner\">\n\t\t<div class=\"elementor-element elementor-element-5c38447 e-con-full e-flex e-con e-child\" data-id=\"5c38447\" data-element_type=\"container\">\n\t\t\t\t<div class=\"elementor-element elementor-element-ea2ab04 elementor-widget elementor-widget-image\" data-id=\"ea2ab04\" data-element_type=\"widget\" data-widget_type=\"image.default\">\n\t\t\t\t<div class=\"elementor-widget-container\">\n\t\t\t\t\t\t\t\t\t\t\t\t\t<img loading=\"lazy\" decoding=\"async\" width=\"1024\" height=\"768\" src=\"http:\/\/sesadv.com.br\/wp-content\/uploads\/2026\/09\/Maria-Rodrigues-Schreiner-1024x768.png\" class=\"attachment-large size-large wp-image-781\" alt=\"\" srcset=\"http:\/\/sesadv.com.br\/wp-content\/uploads\/2026\/09\/Maria-Rodrigues-Schreiner-1024x768.png 1024w, http:\/\/sesadv.com.br\/wp-content\/uploads\/2026\/09\/Maria-Rodrigues-Schreiner-300x225.png 300w, http:\/\/sesadv.com.br\/wp-content\/uploads\/2026\/09\/Maria-Rodrigues-Schreiner-768x576.png 768w, http:\/\/sesadv.com.br\/wp-content\/uploads\/2026\/09\/Maria-Rodrigues-Schreiner-1536x1152.png 1536w, http:\/\/sesadv.com.br\/wp-content\/uploads\/2026\/09\/Maria-Rodrigues-Schreiner-600x450.png 600w, http:\/\/sesadv.com.br\/wp-content\/uploads\/2026\/09\/Maria-Rodrigues-Schreiner.png 1600w\" sizes=\"(max-width: 1024px) 100vw, 1024px\" \/>\t\t\t\t\t\t\t\t\t\t\t\t\t<\/div>\n\t\t\t\t<\/div>\n\t\t\t\t<\/div>\n\t\t<div class=\"elementor-element elementor-element-e597881 e-con-full e-flex e-con e-child\" data-id=\"e597881\" data-element_type=\"container\">\n\t\t\t\t<div class=\"elementor-element elementor-element-20fe889 elementor-widget elementor-widget-text-editor\" data-id=\"20fe889\" data-element_type=\"widget\" data-widget_type=\"text-editor.default\">\n\t\t\t\t<div class=\"elementor-widget-container\">\n\t\t\t\t\t\t\t<p><strong>Maria Rodrigues Schreiner<\/strong><\/p><p>Estagi\u00e1ria de Direito<\/p><p>Graduanda em Direito pelo Centro Universit\u00e1rio Max Planck (UniMAX), atualmente cursando o 2\u00ba ano da gradua\u00e7\u00e3o.<\/p>\t\t\t\t\t\t<\/div>\n\t\t\t\t<\/div>\n\t\t\t\t<\/div>\n\t\t\t\t\t<\/div>\n\t\t\t\t<\/div>\n\t\t<div class=\"elementor-element elementor-element-5f54b48 e-flex e-con-boxed e-con e-parent\" data-id=\"5f54b48\" data-element_type=\"container\">\n\t\t\t\t\t<div class=\"e-con-inner\">\n\t\t<div class=\"elementor-element elementor-element-157ae28 e-con-full e-flex e-con e-child\" data-id=\"157ae28\" data-element_type=\"container\">\n\t\t\t\t<div class=\"elementor-element elementor-element-7aff608 elementor-widget elementor-widget-image\" data-id=\"7aff608\" data-element_type=\"widget\" data-widget_type=\"image.default\">\n\t\t\t\t<div class=\"elementor-widget-container\">\n\t\t\t\t\t\t\t\t\t\t\t\t\t<img loading=\"lazy\" decoding=\"async\" width=\"1024\" height=\"768\" src=\"http:\/\/sesadv.com.br\/wp-content\/uploads\/2026\/09\/RAFAELA-TOMESANNI-1024x768.png\" class=\"attachment-large size-large wp-image-769\" alt=\"\" srcset=\"http:\/\/sesadv.com.br\/wp-content\/uploads\/2026\/09\/RAFAELA-TOMESANNI-1024x768.png 1024w, http:\/\/sesadv.com.br\/wp-content\/uploads\/2026\/09\/RAFAELA-TOMESANNI-300x225.png 300w, http:\/\/sesadv.com.br\/wp-content\/uploads\/2026\/09\/RAFAELA-TOMESANNI-768x576.png 768w, http:\/\/sesadv.com.br\/wp-content\/uploads\/2026\/09\/RAFAELA-TOMESANNI-1536x1152.png 1536w, http:\/\/sesadv.com.br\/wp-content\/uploads\/2026\/09\/RAFAELA-TOMESANNI-2048x1536.png 2048w, http:\/\/sesadv.com.br\/wp-content\/uploads\/2026\/09\/RAFAELA-TOMESANNI-600x450.png 600w\" sizes=\"(max-width: 1024px) 100vw, 1024px\" \/>\t\t\t\t\t\t\t\t\t\t\t\t\t<\/div>\n\t\t\t\t<\/div>\n\t\t\t\t<\/div>\n\t\t<div class=\"elementor-element elementor-element-226f4ec e-con-full e-flex e-con e-child\" data-id=\"226f4ec\" data-element_type=\"container\">\n\t\t\t\t<div class=\"elementor-element elementor-element-e88a9b5 elementor-widget elementor-widget-text-editor\" data-id=\"e88a9b5\" data-element_type=\"widget\" data-widget_type=\"text-editor.default\">\n\t\t\t\t<div class=\"elementor-widget-container\">\n\t\t\t\t\t\t\t<p><strong>Rafaela Tomesanni Ballerini<\/strong><\/p><p>Estagi\u00e1ria de Direito<\/p><p>Graduanda em Direito pela Universidade Presbiteriana Mackenzie Campinas, atualmente cursando o \u00faltimo per\u00edodo da gradua\u00e7\u00e3o.<\/p>\t\t\t\t\t\t<\/div>\n\t\t\t\t<\/div>\n\t\t\t\t<\/div>\n\t\t\t\t\t<\/div>\n\t\t\t\t<\/div>\n\t\t\t\t<\/div>\n\t\t","protected":false},"excerpt":{"rendered":"<p>Walter Alexandre do Amaral Schreiner S\u00f3cio &#8211; OAB\/SP n\u00ba. 120.762 Advogado militante em Indaiatuba e regi\u00e3o com mais de 30 anos de experi\u00eancia. Atua com foco nas \u00e1reas eleitoral, criminal e c\u00edvel. Ocupou o cargo de Assessor Jur\u00eddico da C\u00e2mara Municipal de Indaiatuba, de 1997 a 2006, e de Secret\u00e1rio dos Neg\u00f3cios Jur\u00eddicos\u00a0 da Prefeitura [&hellip;]<\/p>\n","protected":false},"author":1,"featured_media":0,"parent":0,"menu_order":0,"comment_status":"closed","ping_status":"closed","template":"elementor_theme","meta":{"two_page_speed":[],"footnotes":""},"_links":{"self":[{"href":"http:\/\/sesadv.com.br\/index.php?rest_route=\/wp\/v2\/pages\/32"}],"collection":[{"href":"http:\/\/sesadv.com.br\/index.php?rest_route=\/wp\/v2\/pages"}],"about":[{"href":"http:\/\/sesadv.com.br\/index.php?rest_route=\/wp\/v2\/types\/page"}],"author":[{"embeddable":true,"href":"http:\/\/sesadv.com.br\/index.php?rest_route=\/wp\/v2\/users\/1"}],"replies":[{"embeddable":true,"href":"http:\/\/sesadv.com.br\/index.php?rest_route=%2Fwp%2Fv2%2Fcomments&post=32"}],"version-history":[{"count":49,"href":"http:\/\/sesadv.com.br\/index.php?rest_route=\/wp\/v2\/pages\/32\/revisions"}],"predecessor-version":[{"id":784,"href":"http:\/\/sesadv.com.br\/index.php?rest_route=\/wp\/v2\/pages\/32\/revisions\/784"}],"wp:attachment":[{"href":"http:\/\/sesadv.com.br\/index.php?rest_route=%2Fwp%2Fv2%2Fmedia&parent=32"}],"curies":[{"name":"wp","href":"https:\/\/api.w.org\/{rel}","templated":true}]}}